{"id":7751252,"date":"2026-03-08T14:22:59","date_gmt":"2026-03-08T12:22:59","guid":{"rendered":"https:\/\/www.bainnordiques.fr\/"},"modified":"2026-03-10T20:04:53","modified_gmt":"2026-03-10T18:04:53","slug":"traitement-eau","status":"publish","type":"page","link":"https:\/\/www.bainnordiques.fr\/be\/bain-nordique\/traitement-eau\/","title":{"rendered":"Traitement Eau"},"content":{"rendered":"<div class=\"wp-block-uagb-call-to-action uagb-block-556e246e\">\n<div class=\"uagb-cta__wrap\">\n<h1 class=\"uagb-cta__title\">Traitement de l\u2019eau d\u2019un bain nordique : comment garder une eau propre et saine<\/h1>\n<\/div>\n<div class=\"uagb-cta__buttons\"><\/div>\n<\/div>\n<p>Le <strong>traitement de l\u2019eau d\u2019un bain nordique<\/strong> est essentiel pour garantir une eau propre, agr\u00e9able et s\u00fbre pour les utilisateurs. M\u00eame si un bain nordique fonctionne souvent avec un syst\u00e8me simple, il est important de contr\u00f4ler r\u00e9guli\u00e8rement la qualit\u00e9 de l\u2019eau afin d\u2019\u00e9viter l\u2019apparition d\u2019impuret\u00e9s ou de bact\u00e9ries.<\/p>\n<p>Si vous souhaitez d\u00e9couvrir les diff\u00e9rents mod\u00e8les disponibles avant d\u2019installer votre bain ext\u00e9rieur, consultez notre s\u00e9lection compl\u00e8te de <a href=\"https:\/\/www.bainnordiques.fr\/bain-nordique\/\">bains nordiques<\/a>.<\/p>\n<div class=\"trustpilot-widget\" data-locale=\"fr-FR\" data-template-id=\"5419b6a8b0d04a076446a9ad\" data-businessunit-id=\"55a03a130000ff000580f634\" data-style-height=\"24px\" data-style-width=\"100%\" data-theme=\"light\"><a href=\"https:\/\/fr.trustpilot.com\/review\/timberin.com\" target=\"_blank\" rel=\"noopener\">Trustpilot<\/a><\/div>\n<div style=\"height:78px\" aria-hidden=\"true\" class=\"wp-block-spacer\"><\/div>\n<div data-block-name=\"woocommerce\/product-category\" data-categories=\"[3652]\" data-columns=\"4\" data-content-visibility=\"{&quot;image&quot;:true,&quot;title&quot;:true,&quot;price&quot;:true,&quot;rating&quot;:false,&quot;button&quot;:false}\" data-orderby=\"popularity\" class=\"wc-block-grid wp-block-product-category wp-block-woocommerce-product-category wc-block-product-category has-4-columns has-multiple-rows\">\n<ul class=\"wc-block-grid__products\">\n<li class=\"wc-block-grid__product\">\n\t\t\t\t<a href=\"https:\/\/www.bainnordiques.fr\/be\/shop\/bain-nordique-timberin-nordic-rojal\/\" class=\"wc-block-grid__product-link\"><\/p>\n<div class=\"wc-block-grid__product-image\">\n<div class='container-image-and-badge  '><img decoding=\"async\" width=\"150\" height=\"150\" src=\"https:\/\/www.bainnordiques.fr\/wp-content\/uploads\/2021\/02\/Bain-jacuzzi-nordique-norvegien-suedois-avec-bulles-29-150x150.jpg\" class=\"attachment-woocommerce_thumbnail size-woocommerce_thumbnail\" alt=\"Bain nordique chauff\u00e9 au bois TimberIN Nordic Rojal avec jets hydromassage\" title=\"\">    <\/p>\n<div class='yith-wcbm-badge yith-wcbm-badge-32864 yith-wcbm-badge-text yith-wcbm-badge-text--flip-horizontal yith-wcbm-badge--on-product-32865 yith-wcbm-badge-text' data-position='{&quot;top&quot;:&quot;20px&quot;,&quot;right&quot;:&quot;0px&quot;,&quot;bottom&quot;:&quot;0px&quot;,&quot;left&quot;:&quot;0px&quot;}' data-transform=' rotatey( 183deg )'>\n<div class='yith-wcbm-badge__wrap'>\n<div class=\"yith-wcbm-badge-text\">\n<div style=\"font-family: 'Open Sans', sans-serif;color: #ffffff;font-size: 13px\">20 % OFF!\u00a0<\/div>\n<\/div><\/div>\n<\/div>\n<p><!--yith-wcbm-badge-->\n<\/div>\n<p><!--container-image-and-badge--><\/div>\n<div class=\"wc-block-grid__product-title\">TimberIN Nordic Rojal\u2122<\/div>\n<p>\t\t\t\t<\/a><\/p>\n<div class=\"wc-block-grid__product-price price\"><del>\u00e0 partir de : <span class=\"woocommerce-Price-amount amount\"><span class=\"woocommerce-Price-currencySymbol\">&euro;<\/span>6,908<\/span><\/del> <ins>\u00e0 partir de : <span class=\"woocommerce-Price-amount amount\"><span class=\"woocommerce-Price-currencySymbol\">&euro;<\/span>5,857<\/span><\/ins><\/div>\n<\/li>\n<li class=\"wc-block-grid__product\">\n\t\t\t\t<a href=\"https:\/\/www.bainnordiques.fr\/be\/shop\/bain-nordique-bois-timberin-nordic-core\/\" class=\"wc-block-grid__product-link\"><\/p>\n<div class=\"wc-block-grid__product-image\">\n<div class='container-image-and-badge  '><img decoding=\"async\" width=\"150\" height=\"150\" src=\"https:\/\/www.bainnordiques.fr\/wp-content\/uploads\/2016\/03\/wellnessroyal-150x150.jpg\" class=\"attachment-woocommerce_thumbnail size-woocommerce_thumbnail\" alt=\"Bain nordique avec po\u00eale \u00e0 bois int\u00e9gr\u00e9 en thermo bois dans un jardin\" title=\"\">                <\/p>\n<div class='yith-wcbm-badge yith-wcbm-badge-10062 yith-wcbm-badge-text yith-wcbm-badge--on-product-5005 yith-wcbm-badge-text' data-position='{&quot;top&quot;:&quot;20px&quot;,&quot;right&quot;:&quot;0px&quot;,&quot;bottom&quot;:&quot;0px&quot;,&quot;left&quot;:&quot;0px&quot;}' data-transform=''>\n<div class='yith-wcbm-badge__wrap'>\n<div class=\"yith-wcbm-badge-text\">\n<div style=\"font-family: 'Open Sans', sans-serif;color: #ffffff;font-size: 13px\">Best seller!<\/div>\n<\/div><\/div>\n<\/div>\n<p><!--yith-wcbm-badge-->\n<\/div>\n<p><!--container-image-and-badge--><\/div>\n<div class=\"wc-block-grid__product-title\">TimberIN Nordic Core\u2122<\/div>\n<p>\t\t\t\t<\/a><\/p>\n<div class=\"wc-block-grid__product-price price\">\u00e0 partir de : <span class=\"woocommerce-Price-amount amount\"><span class=\"woocommerce-Price-currencySymbol\">&euro;<\/span>3,665<\/span><\/div>\n<\/li>\n<li class=\"wc-block-grid__product\">\n\t\t\t\t<a href=\"https:\/\/www.bainnordiques.fr\/be\/shop\/timberin-nordic-pellet-comfort\/\" class=\"wc-block-grid__product-link\"><\/p>\n<div class=\"wc-block-grid__product-image\">\n<div class='container-image-and-badge  '><img decoding=\"async\" width=\"150\" height=\"150\" src=\"https:\/\/www.bainnordiques.fr\/wp-content\/uploads\/2005\/01\/timberin-nordic-pellet-comfort-150x150.png\" class=\"attachment-woocommerce_thumbnail size-woocommerce_thumbnail\" alt=\"timberin-nordic-pellet-comfort\" title=\"\">    <\/p>\n<div class='yith-wcbm-badge yith-wcbm-badge-27505 yith-wcbm-badge-text yith-wcbm-badge--on-product-27381 yith-wcbm-badge-text' data-position='{&quot;top&quot;:&quot;20px&quot;,&quot;right&quot;:&quot;0px&quot;,&quot;bottom&quot;:&quot;0px&quot;,&quot;left&quot;:&quot;0px&quot;}' data-transform=''>\n<div class='yith-wcbm-badge__wrap'>\n<div class=\"yith-wcbm-badge-text\">\n<div style=\"font-family: 'Open Sans', sans-serif;color: #ffffff;font-size: 13px\">Smart po\u00eale \u00e0 granul\u00e9s<\/div>\n<\/div><\/div>\n<\/div>\n<p><!--yith-wcbm-badge-->\n<\/div>\n<p><!--container-image-and-badge--><\/div>\n<div class=\"wc-block-grid__product-title\">TimberIN Nordic\u2122 Pellet Comfort<\/div>\n<p>\t\t\t\t<\/a><\/p>\n<div class=\"wc-block-grid__product-price price\">\u00e0 partir de : <span class=\"woocommerce-Price-amount amount\"><span class=\"woocommerce-Price-currencySymbol\">&euro;<\/span>6,119<\/span><\/div>\n<\/li>\n<li class=\"wc-block-grid__product\">\n\t\t\t\t<a href=\"https:\/\/www.bainnordiques.fr\/be\/shop\/timberin-nordic-flex\/\" class=\"wc-block-grid__product-link\"><\/p>\n<div class=\"wc-block-grid__product-image\">\n<div class='container-image-and-badge  '><img decoding=\"async\" width=\"150\" height=\"150\" src=\"https:\/\/www.bainnordiques.fr\/wp-content\/uploads\/2015\/10\/ppspruce-150x150.jpg\" class=\"attachment-woocommerce_thumbnail size-woocommerce_thumbnail\" alt=\"Bain nordique en plastique polypropylene 4 places ext\u00e9rieur\" title=\"\">                    <\/p>\n<div class='yith-wcbm-badge yith-wcbm-badge-42470 yith-wcbm-badge-text yith-wcbm-badge--on-product-7004 yith-wcbm-badge-text' data-position='{&quot;top&quot;:&quot;20px&quot;,&quot;right&quot;:&quot;0px&quot;,&quot;bottom&quot;:&quot;0px&quot;,&quot;left&quot;:&quot;0px&quot;}' data-transform=''>\n<div class='yith-wcbm-badge__wrap'>\n<div class=\"yith-wcbm-badge-text\">\n<div style=\"font-family: 'Open Sans', sans-serif;color: #ffffff;font-size: 13px\">En polypropylene<\/div>\n<\/div><\/div>\n<\/div>\n<p><!--yith-wcbm-badge-->\n<\/div>\n<p><!--container-image-and-badge--><\/div>\n<div class=\"wc-block-grid__product-title\">TimberIN Nordic Flex\u2122<\/div>\n<p>\t\t\t\t<\/a><\/p>\n<div class=\"wc-block-grid__product-price price\">\u00e0 partir de : <span class=\"woocommerce-Price-amount amount\"><span class=\"woocommerce-Price-currencySymbol\">&euro;<\/span>2,711<\/span><\/div>\n<\/li>\n<li class=\"wc-block-grid__product\">\n\t\t\t\t<a href=\"https:\/\/www.bainnordiques.fr\/be\/shop\/bain-nordique-timberin-nordic-external-comfort\/\" class=\"wc-block-grid__product-link\"><\/p>\n<div class=\"wc-block-grid__product-image\">\n<div class='container-image-and-badge  '><img decoding=\"async\" width=\"150\" height=\"150\" src=\"https:\/\/www.bainnordiques.fr\/wp-content\/uploads\/2016\/03\/wellnessexternal-150x150.jpg\" class=\"attachment-woocommerce_thumbnail size-woocommerce_thumbnail\" alt=\"Bain nordique chauff\u00e9 au bois TimberIN Nordic External Comfort avec po\u00eale externe\" title=\"\">        <\/p>\n<div class='yith-wcbm-badge yith-wcbm-badge-30579 yith-wcbm-badge-text yith-wcbm-badge--on-product-9289 yith-wcbm-badge-text' data-position='{&quot;top&quot;:&quot;20px&quot;,&quot;right&quot;:&quot;0px&quot;,&quot;bottom&quot;:&quot;0px&quot;,&quot;left&quot;:&quot;0px&quot;}' data-transform=''>\n<div class='yith-wcbm-badge__wrap'>\n<div class=\"yith-wcbm-badge-text\">\n<div style=\"font-family: 'Open Sans', sans-serif;color: #ffffff;font-size: 13px\">Po\u00eale externe!<\/div>\n<\/div><\/div>\n<\/div>\n<p><!--yith-wcbm-badge-->\n<\/div>\n<p><!--container-image-and-badge--><\/div>\n<div class=\"wc-block-grid__product-title\">TimberIN Nordic\u2122 External Comfort<\/div>\n<p>\t\t\t\t<\/a><\/p>\n<div class=\"wc-block-grid__product-price price\">\u00e0 partir de : <span class=\"woocommerce-Price-amount amount\"><span class=\"woocommerce-Price-currencySymbol\">&euro;<\/span>4,250<\/span><\/div>\n<\/li>\n<li class=\"wc-block-grid__product\">\n\t\t\t\t<a href=\"https:\/\/www.bainnordiques.fr\/be\/shop\/timberin-nordic-square-bain-nordique-carre\/\" class=\"wc-block-grid__product-link\"><\/p>\n<div class=\"wc-block-grid__product-image\">\n<div class='container-image-and-badge  '><img decoding=\"async\" width=\"150\" height=\"150\" src=\"https:\/\/www.bainnordiques.fr\/wp-content\/uploads\/2016\/03\/recdeluxe-150x150.jpg\" class=\"attachment-woocommerce_thumbnail size-woocommerce_thumbnail\" alt=\"Bain nordique carr\u00e9 ext\u00e9rieur design\" title=\"\">                        <\/p>\n<div class='yith-wcbm-badge yith-wcbm-badge-20727 yith-wcbm-badge-text yith-wcbm-badge--on-product-6425 yith-wcbm-badge-text' data-position='{&quot;top&quot;:&quot;20px&quot;,&quot;right&quot;:&quot;0px&quot;,&quot;bottom&quot;:&quot;0px&quot;,&quot;left&quot;:&quot;0px&quot;}' data-transform=''>\n<div class='yith-wcbm-badge__wrap'>\n<div class=\"yith-wcbm-badge-text\">\n<div style=\"font-family: 'Open Sans', sans-serif;color: #ffffff;font-size: 13px\">Spacieux!<\/div>\n<\/div><\/div>\n<\/div>\n<p><!--yith-wcbm-badge-->\n<\/div>\n<p><!--container-image-and-badge--><\/div>\n<div class=\"wc-block-grid__product-title\">TimberIN Nordic Square\u2122<\/div>\n<p>\t\t\t\t<\/a><\/p>\n<div class=\"wc-block-grid__product-price price\">\u00e0 partir de : <span class=\"woocommerce-Price-amount amount\"><span class=\"woocommerce-Price-currencySymbol\">&euro;<\/span>3,810<\/span><\/div>\n<\/li>\n<li class=\"wc-block-grid__product\">\n\t\t\t\t<a href=\"https:\/\/www.bainnordiques.fr\/be\/shop\/bain-nordique-electrique-bois-family\/\" class=\"wc-block-grid__product-link\"><\/p>\n<div class=\"wc-block-grid__product-image\">\n<div class='container-image-and-badge  '><img decoding=\"async\" width=\"150\" height=\"150\" src=\"https:\/\/www.bainnordiques.fr\/wp-content\/uploads\/2014\/05\/TimberIN-Nordic-Family\u2122-Electric-150x150.png\" class=\"attachment-woocommerce_thumbnail size-woocommerce_thumbnail\" alt=\"TimberIN Nordic Family\u2122 Electric\" title=\"\">      <\/p>\n<div class='yith-wcbm-badge yith-wcbm-badge-21755 yith-wcbm-badge-text yith-wcbm-badge--on-product-5830 yith-wcbm-badge-text' data-position='{&quot;top&quot;:&quot;20px&quot;,&quot;right&quot;:&quot;0px&quot;,&quot;bottom&quot;:&quot;0px&quot;,&quot;left&quot;:&quot;0px&quot;}' data-transform=''>\n<div class='yith-wcbm-badge__wrap'>\n<div class=\"yith-wcbm-badge-text\">\n<div style=\"font-family: 'Open Sans', sans-serif;color: #ffffff;font-size: 13px\">\u00c9lectrique\/Pompe \u00e0 chaleur<\/div>\n<\/div><\/div>\n<\/div>\n<p><!--yith-wcbm-badge-->\n<\/div>\n<p><!--container-image-and-badge--><\/div>\n<div class=\"wc-block-grid__product-title\">TimberIN Nordic Family\u2122 Electric<\/div>\n<p>\t\t\t\t<\/a><\/p>\n<div class=\"wc-block-grid__product-price price\">\u00e0 partir de : <span class=\"woocommerce-Price-amount amount\"><span class=\"woocommerce-Price-currencySymbol\">&euro;<\/span>3,243<\/span><\/div>\n<\/li>\n<li class=\"wc-block-grid__product\">\n\t\t\t\t<a href=\"https:\/\/www.bainnordiques.fr\/be\/shop\/bain-nordique-timberin-nordic-elite-square\/\" class=\"wc-block-grid__product-link\"><\/p>\n<div class=\"wc-block-grid__product-image\">\n<div class='container-image-and-badge  '><img decoding=\"async\" width=\"150\" height=\"150\" src=\"https:\/\/www.bainnordiques.fr\/wp-content\/uploads\/2024\/05\/recwellness-1-150x150.png\" class=\"attachment-woocommerce_thumbnail size-woocommerce_thumbnail\" alt=\"Grand bain nordique carr\u00e9 chauff\u00e9 au bois TimberIN Nordic Elite Square\" title=\"\">        <\/p>\n<div class='yith-wcbm-badge yith-wcbm-badge-7750884 yith-wcbm-badge-text yith-wcbm-badge--on-product-40963 yith-wcbm-badge-text' data-position='{&quot;top&quot;:&quot;20px&quot;,&quot;right&quot;:&quot;0px&quot;,&quot;bottom&quot;:&quot;0px&quot;,&quot;left&quot;:&quot;0px&quot;}' data-transform=''>\n<div class='yith-wcbm-badge__wrap'>\n<div class=\"yith-wcbm-badge-text\">\n<div style=\"font-family: 'Open Sans', sans-serif;color: #ffffff;font-size: 13px\">Design carr\u00e9<\/div>\n<\/div><\/div>\n<\/div>\n<p><!--yith-wcbm-badge-->\n<\/div>\n<p><!--container-image-and-badge--><\/div>\n<div class=\"wc-block-grid__product-title\">TimberIN Nordic Elite\u2122 Square<\/div>\n<p>\t\t\t\t<\/a><\/p>\n<div class=\"wc-block-grid__product-price price\">\u00e0 partir de : <span class=\"woocommerce-Price-amount amount\"><span class=\"woocommerce-Price-currencySymbol\">&euro;<\/span>4,725<\/span><\/div>\n<\/li>\n<\/ul>\n<\/div>\n<h2 class=\"wp-block-heading\">Pourquoi traiter l\u2019eau d\u2019un bain nordique ?<\/h2>\n<p>Le traitement de l\u2019eau permet de maintenir une eau claire et hygi\u00e9nique tout en prolongeant la dur\u00e9e de vie du bain nordique. Sans entretien appropri\u00e9, l\u2019eau peut rapidement devenir trouble ou d\u00e9velopper des d\u00e9p\u00f4ts.<\/p>\n<p>Un bon traitement de l\u2019eau contribue \u00e9galement \u00e0 prot\u00e9ger les mat\u00e9riaux du bain et \u00e0 garantir une exp\u00e9rience de baignade agr\u00e9able.<\/p>\n<p>Pour comprendre les bonnes pratiques g\u00e9n\u00e9rales de maintenance, consultez \u00e9galement notre guide complet sur l\u2019<a href=\"https:\/\/www.bainnordiques.fr\/bain-nordique\/entretien\/\">entretien d\u2019un bain nordique<\/a>.<\/p>\n<hr class=\"wp-block-separator has-css-opacity\"\/>\n<h2 class=\"wp-block-heading\">Les diff\u00e9rentes m\u00e9thodes de traitement de l\u2019eau<\/h2>\n<p>Plusieurs solutions existent pour traiter l\u2019eau d\u2019un bain nordique et maintenir une bonne qualit\u00e9 d\u2019eau.<\/p>\n<h3 class=\"wp-block-heading\">Traitement au chlore<\/h3>\n<p>Le chlore est l\u2019un des traitements les plus utilis\u00e9s pour d\u00e9sinfecter l\u2019eau. Il permet d\u2019\u00e9liminer les bact\u00e9ries et les micro-organismes pr\u00e9sents dans l\u2019eau.<\/p>\n<h3 class=\"wp-block-heading\">Traitement au brome<\/h3>\n<p>Le brome est une alternative au chlore souvent utilis\u00e9e dans les spas et bains nordiques. Il est efficace m\u00eame \u00e0 haute temp\u00e9rature et produit g\u00e9n\u00e9ralement moins d\u2019odeur.<\/p>\n<h3 class=\"wp-block-heading\">Traitement \u00e0 l\u2019oxyg\u00e8ne actif<\/h3>\n<p>L\u2019oxyg\u00e8ne actif est une solution plus douce qui permet de d\u00e9sinfecter l\u2019eau tout en limitant l\u2019utilisation de produits chimiques agressifs.<\/p>\n<hr class=\"wp-block-separator has-css-opacity\"\/>\n<h2 class=\"wp-block-heading\">Contr\u00f4ler l\u2019\u00e9quilibre de l\u2019eau<\/h2>\n<p>Pour garantir une eau de bonne qualit\u00e9, il est important de contr\u00f4ler r\u00e9guli\u00e8rement l\u2019\u00e9quilibre chimique de l\u2019eau.<\/p>\n<ul class=\"wp-block-list\">\n<li>le pH de l\u2019eau<\/li>\n<li>le niveau de d\u00e9sinfectant<\/li>\n<li>la clart\u00e9 de l\u2019eau<\/li>\n<\/ul>\n<p>Un pH \u00e9quilibr\u00e9 permet d\u2019optimiser l\u2019efficacit\u00e9 des produits de traitement et de garantir un confort optimal lors de l\u2019utilisation du bain.<\/p>\n<hr class=\"wp-block-separator has-css-opacity\"\/>\n<h2 class=\"wp-block-heading\">\u00c0 quelle fr\u00e9quence changer l\u2019eau d\u2019un bain nordique<\/h2>\n<p>La fr\u00e9quence de renouvellement de l\u2019eau d\u00e9pend de plusieurs facteurs :<\/p>\n<ul class=\"wp-block-list\">\n<li>le nombre d\u2019utilisateurs<\/li>\n<li>la fr\u00e9quence d\u2019utilisation<\/li>\n<li>le type de traitement utilis\u00e9<\/li>\n<\/ul>\n<p>Dans la plupart des cas, l\u2019eau d\u2019un bain nordique peut \u00eatre chang\u00e9e toutes les quelques semaines lorsque l\u2019entretien est effectu\u00e9 correctement.<\/p>\n<p>Pour en savoir plus sur l\u2019utilisation et le co\u00fbt d\u2019un bain nordique, consultez notre guide sur le <a href=\"https:\/\/www.bainnordiques.fr\/bain-nordique\/prix\/\">prix d\u2019un bain nordique<\/a>.<\/p>\n<hr class=\"wp-block-separator has-css-opacity\"\/>\n<h2 class=\"wp-block-heading\">Comment garder l\u2019eau propre plus longtemps<\/h2>\n<p>Plusieurs gestes simples permettent de prolonger la dur\u00e9e de vie de l\u2019eau dans un bain nordique.<\/p>\n<ul class=\"wp-block-list\">\n<li>utiliser un couvercle lorsque le bain n\u2019est pas utilis\u00e9<\/li>\n<li>se rincer avant d\u2019entrer dans le bain<\/li>\n<li>retirer les feuilles et d\u00e9bris<\/li>\n<li>contr\u00f4ler r\u00e9guli\u00e8rement la qualit\u00e9 de l\u2019eau<\/li>\n<\/ul>\n<p>Ces pratiques simples permettent de conserver une eau propre et agr\u00e9able pour les utilisateurs.<\/p>\n<hr class=\"wp-block-separator has-css-opacity\"\/>\n<h2 class=\"wp-block-heading\">Conclusion<\/h2>\n<p>Le traitement de l\u2019eau d\u2019un bain nordique est une \u00e9tape essentielle pour profiter d\u2019un bain propre et hygi\u00e9nique. En contr\u00f4lant r\u00e9guli\u00e8rement la qualit\u00e9 de l\u2019eau et en adoptant de bonnes pratiques d\u2019entretien, il est possible de conserver une eau agr\u00e9able pendant une longue p\u00e9riode.<\/p>\n<p>Pour d\u00e9couvrir les diff\u00e9rents mod\u00e8les disponibles et cr\u00e9er votre propre espace bien-\u00eatre ext\u00e9rieur, consultez notre s\u00e9lection compl\u00e8te de <a href=\"https:\/\/www.bainnordiques.fr\/bain-nordique\/\">bains nordiques<\/a>.<\/p>\n<div style=\"height:76px\" aria-hidden=\"true\" class=\"wp-block-spacer\"><\/div>\n<h2 class=\"wp-block-heading\">FAQ \u2013 Traitement de l\u2019eau d\u2019un bain nordique<\/h2>\n<h3 class=\"wp-block-heading\">Comment traiter l\u2019eau d\u2019un bain nordique ?<\/h3>\n<p>Le traitement de l\u2019eau d\u2019un bain nordique consiste \u00e0 maintenir une eau propre et saine gr\u00e2ce \u00e0 un renouvellement r\u00e9gulier de l\u2019eau et, si n\u00e9cessaire, \u00e0 l\u2019utilisation de produits de traitement adapt\u00e9s comme le chlore, le brome ou d\u2019autres solutions compatibles avec les bains ext\u00e9rieurs.<\/p>\n<h3 class=\"wp-block-heading\">Faut-il mettre des produits dans un bain nordique ?<\/h3>\n<p>Il n\u2019est pas toujours obligatoire d\u2019utiliser des produits chimiques si l\u2019eau est renouvel\u00e9e r\u00e9guli\u00e8rement. Cependant, lorsque le bain nordique est utilis\u00e9 fr\u00e9quemment, l\u2019utilisation de produits adapt\u00e9s peut aider \u00e0 maintenir une eau plus propre plus longtemps.<\/p>\n<h3 class=\"wp-block-heading\">\u00c0 quelle fr\u00e9quence faut-il changer l\u2019eau d\u2019un bain nordique ?<\/h3>\n<p>La fr\u00e9quence d\u00e9pend de l\u2019utilisation du bain et du syst\u00e8me de traitement utilis\u00e9. En g\u00e9n\u00e9ral, l\u2019eau peut \u00eatre renouvel\u00e9e toutes les quelques semaines pour un usage r\u00e9gulier afin de conserver une eau propre et agr\u00e9able.<\/p>\n<h3 class=\"wp-block-heading\">Comment garder l\u2019eau d\u2019un bain nordique propre plus longtemps ?<\/h3>\n<p>Pour garder l\u2019eau propre plus longtemps, il est conseill\u00e9 d\u2019utiliser un couvercle lorsque le bain n\u2019est pas utilis\u00e9, de se rincer avant d\u2019entrer dans l\u2019eau et de maintenir une bonne routine d\u2019entretien du bain.<\/p>\n<h3 class=\"wp-block-heading\">Peut-on utiliser un syst\u00e8me de filtration dans un bain nordique ?<\/h3>\n<p>Oui, certains bains nordiques peuvent \u00eatre \u00e9quip\u00e9s d\u2019un syst\u00e8me de filtration qui permet de maintenir l\u2019eau propre plus longtemps. Cependant, m\u00eame sans filtration, un bon entretien et un renouvellement r\u00e9gulier de l\u2019eau permettent de conserver une eau de qualit\u00e9.<\/p>\n<p><script type=\"application\/ld+json\">\n{\n  \"@context\": \"https:\/\/schema.org\",\n  \"@graph\": [\n    {\n      \"@type\": \"Product\",\n      \"@id\": \"https:\/\/www.bainnordiques.fr\/bain-nordique\/traitement-eau\/#main_product\",\n      \"name\": \"Traitement Eau Bain Nordique Kollektion\",\n      \"description\": \"D\u00e9couvrez nos solutions pour le traitement de l'eau d'un bain nordique : chlore, brome, oxyg\u00e8ne actif et syst\u00e8mes de filtration pour garder une eau propre et saine.\",\n      \"image\": \"https:\/\/www.bainnordiques.fr\/wp-content\/uploads\/2014\/04\/Bain-nordique-epicea-meleze-en-kit-pour-terrasse-scaled-700x933.jpeg\",\n      \"brand\": {\n        \"@type\": \"Brand\",\n        \"name\": \"TimberIN\"\n      },\n      \"aggregateRating\": {\n        \"@type\": \"AggregateRating\",\n        \"ratingValue\": \"4.8\",\n        \"reviewCount\": \"184\"\n      }\n    },\n    {\n      \"@type\": \"ItemList\",\n      \"@id\": \"https:\/\/www.bainnordiques.fr\/bain-nordique\/traitement-eau\/#itemlist\",\n      \"numberOfItems\": 8,\n      \"itemListElement\": [\n        {\n          \"@type\": \"ListItem\",\n          \"position\": 1,\n          \"item\": {\n            \"@type\": \"Product\",\n            \"name\": \"TimberIN Nordic Rojal\u2122\",\n            \"url\": \"https:\/\/www.bainnordiques.fr\/shop\/bain-nordique-timberin-nordic-rojal\/\",\n            \"image\": \"https:\/\/www.bainnordiques.fr\/wp-content\/uploads\/2021\/02\/Bain-jacuzzi-nordique-norvegien-suedois-avec-bulles-29-150x150.jpg\",\n            \"offers\": {\n              \"@type\": \"Offer\",\n              \"price\": \"5857.00\",\n              \"priceCurrency\": \"EUR\",\n              \"availability\": \"https:\/\/schema.org\/InStock\"\n            }\n          }\n        },\n        {\n          \"@type\": \"ListItem\",\n          \"position\": 2,\n          \"item\": {\n            \"@type\": \"Product\",\n            \"name\": \"TimberIN Nordic Core\u2122\",\n            \"url\": \"https:\/\/www.bainnordiques.fr\/shop\/bain-nordique-bois-timberin-nordic-core\/\",\n            \"image\": \"https:\/\/www.bainnordiques.fr\/wp-content\/uploads\/2016\/03\/wellnessroyal-150x150.jpg\",\n            \"offers\": {\n              \"@type\": \"Offer\",\n              \"price\": \"3490.00\",\n              \"priceCurrency\": \"EUR\",\n              \"availability\": \"https:\/\/schema.org\/InStock\"\n            }\n          }\n        },\n        {\n          \"@type\": \"ListItem\",\n          \"position\": 3,\n          \"item\": {\n            \"@type\": \"Product\",\n            \"name\": \"TimberIN Nordic\u2122 Pellet Comfort\",\n            \"url\": \"https:\/\/www.bainnordiques.fr\/shop\/timberin-nordic-pellet-comfort\/\",\n            \"image\": \"https:\/\/www.bainnordiques.fr\/wp-content\/uploads\/2005\/01\/timberin-nordic-pellet-comfort-150x150.png\",\n            \"offers\": {\n              \"@type\": \"Offer\",\n              \"price\": \"5628.00\",\n              \"priceCurrency\": \"EUR\",\n              \"availability\": \"https:\/\/schema.org\/InStock\"\n            }\n          }\n        },\n        {\n          \"@type\": \"ListItem\",\n          \"position\": 4,\n          \"item\": {\n            \"@type\": \"Product\",\n            \"name\": \"TimberIN Nordic Flex\u2122\",\n            \"url\": \"https:\/\/www.bainnordiques.fr\/shop\/timberin-nordic-flex\/\",\n            \"image\": \"https:\/\/www.bainnordiques.fr\/wp-content\/uploads\/2015\/10\/ppspruce-150x150.jpg\",\n            \"offers\": {\n              \"@type\": \"Offer\",\n              \"price\": \"2582.00\",\n              \"priceCurrency\": \"EUR\",\n              \"availability\": \"https:\/\/schema.org\/InStock\"\n            }\n          }\n        },\n        {\n          \"@type\": \"ListItem\",\n          \"position\": 5,\n          \"item\": {\n            \"@type\": \"Product\",\n            \"name\": \"TimberIN Nordic\u2122 External Comfort\",\n            \"url\": \"https:\/\/www.bainnordiques.fr\/shop\/bain-nordique-timberin-nordic-external-comfort\/\",\n            \"image\": \"https:\/\/www.bainnordiques.fr\/wp-content\/uploads\/2016\/03\/wellnessexternal-150x150.jpg\",\n            \"offers\": {\n              \"@type\": \"Offer\",\n              \"price\": \"4048.00\",\n              \"priceCurrency\": \"EUR\",\n              \"availability\": \"https:\/\/schema.org\/InStock\"\n            }\n          }\n        },\n        {\n          \"@type\": \"ListItem\",\n          \"position\": 6,\n          \"item\": {\n            \"@type\": \"Product\",\n            \"name\": \"TimberIN Nordic Square\u2122\",\n            \"url\": \"https:\/\/www.bainnordiques.fr\/shop\/timberin-nordic-square-bain-nordique-carre\/\",\n            \"image\": \"https:\/\/www.bainnordiques.fr\/wp-content\/uploads\/2016\/03\/recdeluxe-150x150.jpg\",\n            \"offers\": {\n              \"@type\": \"Offer\",\n              \"price\": \"3629.00\",\n              \"priceCurrency\": \"EUR\",\n              \"availability\": \"https:\/\/schema.org\/InStock\"\n            }\n          }\n        },\n        {\n          \"@type\": \"ListItem\",\n          \"position\": 7,\n          \"item\": {\n            \"@type\": \"Product\",\n            \"name\": \"TimberIN Nordic Family\u2122 Electric\",\n            \"url\": \"https:\/\/www.bainnordiques.fr\/shop\/bain-nordique-electrique-bois-family\/\",\n            \"image\": \"https:\/\/www.bainnordiques.fr\/wp-content\/uploads\/2014\/05\/TimberIN-Nordic-Family\u2122-Electric-150x150.png\",\n            \"offers\": {\n              \"@type\": \"Offer\",\n              \"price\": \"3089.00\",\n              \"priceCurrency\": \"EUR\",\n              \"availability\": \"https:\/\/schema.org\/InStock\"\n            }\n          }\n        },\n        {\n          \"@type\": \"ListItem\",\n          \"position\": 8,\n          \"item\": {\n            \"@type\": \"Product\",\n            \"name\": \"TimberIN Nordic Elite\u2122 Square\",\n            \"url\": \"https:\/\/www.bainnordiques.fr\/shop\/bain-nordique-timberin-nordic-elite-square\/\",\n            \"image\": \"https:\/\/www.bainnordiques.fr\/wp-content\/uploads\/2024\/05\/recwellness-1-150x150.png\",\n            \"offers\": {\n              \"@type\": \"Offer\",\n              \"price\": \"4500.00\",\n              \"priceCurrency\": \"EUR\",\n              \"availability\": \"https:\/\/schema.org\/InStock\"\n            }\n          }\n        }\n      ]\n    }\n  ]\n}\n<\/script><\/p>\n<p><script type=\"application\/ld+json\">\n{\n \"@context\": \"https:\/\/schema.org\",\n \"@type\": \"FAQPage\",\n \"mainEntity\": [\n  {\n   \"@type\": \"Question\",\n   \"name\": \"Comment traiter l\u2019eau d\u2019un bain nordique ?\",\n   \"acceptedAnswer\": {\n    \"@type\": \"Answer\",\n    \"text\": \"L\u2019eau d\u2019un bain nordique peut \u00eatre trait\u00e9e avec du chlore, du brome ou de l\u2019oxyg\u00e8ne actif afin de maintenir une eau propre et hygi\u00e9nique.\"\n   }\n  },\n  {\n   \"@type\": \"Question\",\n   \"name\": \"\u00c0 quelle fr\u00e9quence faut-il changer l\u2019eau d\u2019un bain nordique ?\",\n   \"acceptedAnswer\": {\n    \"@type\": \"Answer\",\n    \"text\": \"L\u2019eau doit g\u00e9n\u00e9ralement \u00eatre renouvel\u00e9e toutes les quelques semaines selon la fr\u00e9quence d\u2019utilisation et le type de traitement utilis\u00e9.\"\n   }\n  },\n  {\n   \"@type\": \"Question\",\n   \"name\": \"Comment garder l\u2019eau propre dans un bain nordique ?\",\n   \"acceptedAnswer\": {\n    \"@type\": \"Answer\",\n    \"text\": \"Pour garder l\u2019eau propre, il est conseill\u00e9 d\u2019utiliser un couvercle, de se rincer avant la baignade et de contr\u00f4ler r\u00e9guli\u00e8rement l\u2019\u00e9quilibre de l\u2019eau.\"\n   }\n  },\n  {\n   \"@type\": \"Question\",\n   \"name\": \"Quel produit utiliser pour traiter l\u2019eau d\u2019un bain nordique ?\",\n   \"acceptedAnswer\": {\n    \"@type\": \"Answer\",\n    \"text\": \"Les produits les plus utilis\u00e9s sont le chlore, le brome ou l\u2019oxyg\u00e8ne actif, qui permettent de d\u00e9sinfecter l\u2019eau et d\u2019\u00e9viter la prolif\u00e9ration des bact\u00e9ries.\"\n   }\n  }\n ]\n}\n<\/script><\/p>\n","protected":false},"excerpt":{"rendered":"<p>Le traitement de l\u2019eau d\u2019un bain nordique est essentiel pour garantir une eau propre, agr\u00e9able et s\u00fbre pour les utilisateurs. M\u00eame si un bain nordique fonctionne souvent avec un syst\u00e8me simple, il est important de contr\u00f4ler r\u00e9guli\u00e8rement la qualit\u00e9 de l\u2019eau afin d\u2019\u00e9viter l\u2019apparition d\u2019impuret\u00e9s ou de bact\u00e9ries. Si vous souhaitez d\u00e9couvrir les diff\u00e9rents mod\u00e8les [&hellip;]<\/p>\n","protected":false},"author":1,"featured_media":41172,"parent":7750376,"menu_order":0,"comment_status":"closed","ping_status":"open","template":"","meta":{"_uag_custom_page_level_css":"","footnotes":""},"class_list":["post-7751252","page","type-page","status-publish","has-post-thumbnail","hentry"],"wppr_data":{"cwp_meta_box_check":"No","cwp_rev_product_name":"Bain nordique en bois en kit pas cher","_wppr_review_template":"default","cwp_rev_product_image":"https:\/\/bainnordiques.fr\/wp-content\/uploads\/2020\/03\/Spa-nordique-jacuzzi-en-bois.jpeg","cwp_image_link":"image","wppr_links":{"Commandez maintenant!":"https:\/\/www.bainnordiques.fr\/shop\/bain-nordique-bois-en-kit-pas-cher\/"},"cwp_rev_price":"2040","wppr_pros":[""],"wppr_cons":["N\u00e9cessite plus d'entretien"],"wppr_rating":"96.67","wppr_options":{"1":{"name":"Compl\u00e8tement naturel","value":"100"},"2":{"name":"Diff\u00e9rents beaux designs","value":"95"},"3":{"name":"Plus de temps en famille","value":"95"}},"wppr_review_type":"Product","wppr_review_custom_fields":[]},"uagb_featured_image_src":{"full":["https:\/\/www.bainnordiques.fr\/wp-content\/uploads\/2024\/05\/Grand-Bain-Nordique-Carre-2.2x2.2-m-3.jpeg",1536,2048,false],"thumbnail":["https:\/\/www.bainnordiques.fr\/wp-content\/uploads\/2024\/05\/Grand-Bain-Nordique-Carre-2.2x2.2-m-3-150x150.jpeg",150,150,true],"medium":["https:\/\/www.bainnordiques.fr\/wp-content\/uploads\/2024\/05\/Grand-Bain-Nordique-Carre-2.2x2.2-m-3-300x400.jpeg",300,400,true],"medium_large":["https:\/\/www.bainnordiques.fr\/wp-content\/uploads\/2024\/05\/Grand-Bain-Nordique-Carre-2.2x2.2-m-3.jpeg",null,null,true],"large":["https:\/\/www.bainnordiques.fr\/wp-content\/uploads\/2024\/05\/Grand-Bain-Nordique-Carre-2.2x2.2-m-3-700x933.jpeg",700,933,true]},"uagb_author_info":{"display_name":"C\u00e9line BERNARD FR [V\u00c9RIFI\u00c9]","author_link":"https:\/\/www.bainnordiques.fr\/be\/author\/admin\/"},"uagb_comment_info":0,"uagb_excerpt":"Le traitement de l\u2019eau d\u2019un bain nordique est essentiel pour garantir une eau propre, agr\u00e9able et s\u00fbre pour les utilisateurs. M\u00eame si un bain nordique fonctionne souvent avec un syst\u00e8me simple, il est important de contr\u00f4ler r\u00e9guli\u00e8rement la qualit\u00e9 de l\u2019eau afin d\u2019\u00e9viter l\u2019apparition d\u2019impuret\u00e9s ou de bact\u00e9ries. Si vous souhaitez d\u00e9couvrir les diff\u00e9rents mod\u00e8les&hellip;","_links":{"self":[{"href":"https:\/\/www.bainnordiques.fr\/be\/wp-json\/wp\/v2\/pages\/7751252","targetHints":{"allow":["GET"]}}],"collection":[{"href":"https:\/\/www.bainnordiques.fr\/be\/wp-json\/wp\/v2\/pages"}],"about":[{"href":"https:\/\/www.bainnordiques.fr\/be\/wp-json\/wp\/v2\/types\/page"}],"author":[{"embeddable":true,"href":"https:\/\/www.bainnordiques.fr\/be\/wp-json\/wp\/v2\/users\/1"}],"replies":[{"embeddable":true,"href":"https:\/\/www.bainnordiques.fr\/be\/wp-json\/wp\/v2\/comments?post=7751252"}],"version-history":[{"count":0,"href":"https:\/\/www.bainnordiques.fr\/be\/wp-json\/wp\/v2\/pages\/7751252\/revisions"}],"up":[{"embeddable":true,"href":"https:\/\/www.bainnordiques.fr\/be\/wp-json\/wp\/v2\/pages\/7750376"}],"wp:featuredmedia":[{"embeddable":true,"href":"https:\/\/www.bainnordiques.fr\/be\/wp-json\/wp\/v2\/media\/41172"}],"wp:attachment":[{"href":"https:\/\/www.bainnordiques.fr\/be\/wp-json\/wp\/v2\/media?parent=7751252"}],"curies":[{"name":"wp","href":"https:\/\/api.w.org\/{rel}","templated":true}]}}