{"id":7751381,"date":"2026-03-15T19:33:11","date_gmt":"2026-03-15T17:33:11","guid":{"rendered":"https:\/\/www.bainnordiques.fr\/"},"modified":"2026-03-15T19:35:32","modified_gmt":"2026-03-15T17:35:32","slug":"filtration","status":"publish","type":"page","link":"https:\/\/www.bainnordiques.fr\/be\/bain-nordique\/filtration\/","title":{"rendered":"Filtration"},"content":{"rendered":"<div class=\"wp-block-uagb-call-to-action uagb-block-556e246e\">\n<div class=\"uagb-cta__wrap\">\n<h1 class=\"uagb-cta__title\">Filtration d\u2019un bain nordique : comment garder une eau propre ?<\/h1>\n<\/div>\n<div class=\"uagb-cta__buttons\"><\/div>\n<\/div>\n<p>La <strong>filtration d\u2019un bain nordique<\/strong> est un \u00e9l\u00e9ment important pour maintenir une eau propre et agr\u00e9able \u00e0 utiliser. Selon le type de bain et la fr\u00e9quence d\u2019utilisation, diff\u00e9rents syst\u00e8mes de filtration peuvent \u00eatre utilis\u00e9s pour am\u00e9liorer la qualit\u00e9 de l\u2019eau.<\/p>\n<p>Certains bains nordiques fonctionnent sans syst\u00e8me de filtration, tandis que d\u2019autres int\u00e8grent un filtre et une pompe afin de conserver l\u2019eau plus longtemps. Pour d\u00e9couvrir les diff\u00e9rents mod\u00e8les disponibles, consultez notre page d\u00e9di\u00e9e aux <a href=\"https:\/\/www.bainnordiques.fr\/bain-nordique\/\">bains nordiques<\/a>.<\/p>\n<div class=\"trustpilot-widget\" data-locale=\"fr-FR\" data-template-id=\"5419b6a8b0d04a076446a9ad\" data-businessunit-id=\"55a03a130000ff000580f634\" data-style-height=\"24px\" data-style-width=\"100%\" data-theme=\"light\"><a href=\"https:\/\/fr.trustpilot.com\/review\/timberin.com\" target=\"_blank\" rel=\"noopener\">Trustpilot<\/a><\/div>\n<div style=\"height:78px\" aria-hidden=\"true\" class=\"wp-block-spacer\"><\/div>\n<div data-block-name=\"woocommerce\/product-category\" data-categories=\"[3652]\" data-columns=\"4\" data-content-visibility=\"{&quot;image&quot;:true,&quot;title&quot;:true,&quot;price&quot;:true,&quot;rating&quot;:false,&quot;button&quot;:false}\" data-orderby=\"popularity\" class=\"wc-block-grid wp-block-product-category wp-block-woocommerce-product-category wc-block-product-category has-4-columns has-multiple-rows\">\n<ul class=\"wc-block-grid__products\">\n<li class=\"wc-block-grid__product\">\n\t\t\t\t<a href=\"https:\/\/www.bainnordiques.fr\/be\/shop\/bain-nordique-timberin-nordic-rojal\/\" class=\"wc-block-grid__product-link\"><\/p>\n<div class=\"wc-block-grid__product-image\">\n<div class='container-image-and-badge  '><img decoding=\"async\" width=\"150\" height=\"150\" src=\"https:\/\/www.bainnordiques.fr\/wp-content\/uploads\/2021\/02\/Bain-jacuzzi-nordique-norvegien-suedois-avec-bulles-29-150x150.jpg\" class=\"attachment-woocommerce_thumbnail size-woocommerce_thumbnail\" alt=\"Bain nordique chauff\u00e9 au bois TimberIN Nordic Rojal avec jets hydromassage\" title=\"\">    <\/p>\n<div class='yith-wcbm-badge yith-wcbm-badge-32864 yith-wcbm-badge-text yith-wcbm-badge-text--flip-horizontal yith-wcbm-badge--on-product-32865 yith-wcbm-badge-text' data-position='{&quot;top&quot;:&quot;20px&quot;,&quot;right&quot;:&quot;0px&quot;,&quot;bottom&quot;:&quot;0px&quot;,&quot;left&quot;:&quot;0px&quot;}' data-transform=' rotatey( 183deg )'>\n<div class='yith-wcbm-badge__wrap'>\n<div class=\"yith-wcbm-badge-text\">\n<div style=\"font-family: 'Open Sans', sans-serif;color: #ffffff;font-size: 13px\">20 % OFF!\u00a0<\/div>\n<\/div><\/div>\n<\/div>\n<p><!--yith-wcbm-badge-->\n<\/div>\n<p><!--container-image-and-badge--><\/div>\n<div class=\"wc-block-grid__product-title\">TimberIN Nordic Rojal\u2122<\/div>\n<p>\t\t\t\t<\/a><\/p>\n<div class=\"wc-block-grid__product-price price\"><del>\u00e0 partir de : <span class=\"woocommerce-Price-amount amount\"><span class=\"woocommerce-Price-currencySymbol\">&euro;<\/span>6,908<\/span><\/del> <ins>\u00e0 partir de : <span class=\"woocommerce-Price-amount amount\"><span class=\"woocommerce-Price-currencySymbol\">&euro;<\/span>5,857<\/span><\/ins><\/div>\n<\/li>\n<li class=\"wc-block-grid__product\">\n\t\t\t\t<a href=\"https:\/\/www.bainnordiques.fr\/be\/shop\/bain-nordique-bois-timberin-nordic-core\/\" class=\"wc-block-grid__product-link\"><\/p>\n<div class=\"wc-block-grid__product-image\">\n<div class='container-image-and-badge  '><img decoding=\"async\" width=\"150\" height=\"150\" src=\"https:\/\/www.bainnordiques.fr\/wp-content\/uploads\/2016\/03\/wellnessroyal-150x150.jpg\" class=\"attachment-woocommerce_thumbnail size-woocommerce_thumbnail\" alt=\"Bain nordique avec po\u00eale \u00e0 bois int\u00e9gr\u00e9 en thermo bois dans un jardin\" title=\"\">                <\/p>\n<div class='yith-wcbm-badge yith-wcbm-badge-10062 yith-wcbm-badge-text yith-wcbm-badge--on-product-5005 yith-wcbm-badge-text' data-position='{&quot;top&quot;:&quot;20px&quot;,&quot;right&quot;:&quot;0px&quot;,&quot;bottom&quot;:&quot;0px&quot;,&quot;left&quot;:&quot;0px&quot;}' data-transform=''>\n<div class='yith-wcbm-badge__wrap'>\n<div class=\"yith-wcbm-badge-text\">\n<div style=\"font-family: 'Open Sans', sans-serif;color: #ffffff;font-size: 13px\">Best seller!<\/div>\n<\/div><\/div>\n<\/div>\n<p><!--yith-wcbm-badge-->\n<\/div>\n<p><!--container-image-and-badge--><\/div>\n<div class=\"wc-block-grid__product-title\">TimberIN Nordic Core\u2122<\/div>\n<p>\t\t\t\t<\/a><\/p>\n<div class=\"wc-block-grid__product-price price\">\u00e0 partir de : <span class=\"woocommerce-Price-amount amount\"><span class=\"woocommerce-Price-currencySymbol\">&euro;<\/span>3,665<\/span><\/div>\n<\/li>\n<li class=\"wc-block-grid__product\">\n\t\t\t\t<a href=\"https:\/\/www.bainnordiques.fr\/be\/shop\/timberin-nordic-pellet-comfort\/\" class=\"wc-block-grid__product-link\"><\/p>\n<div class=\"wc-block-grid__product-image\">\n<div class='container-image-and-badge  '><img decoding=\"async\" width=\"150\" height=\"150\" src=\"https:\/\/www.bainnordiques.fr\/wp-content\/uploads\/2005\/01\/timberin-nordic-pellet-comfort-150x150.png\" class=\"attachment-woocommerce_thumbnail size-woocommerce_thumbnail\" alt=\"timberin-nordic-pellet-comfort\" title=\"\">    <\/p>\n<div class='yith-wcbm-badge yith-wcbm-badge-27505 yith-wcbm-badge-text yith-wcbm-badge--on-product-27381 yith-wcbm-badge-text' data-position='{&quot;top&quot;:&quot;20px&quot;,&quot;right&quot;:&quot;0px&quot;,&quot;bottom&quot;:&quot;0px&quot;,&quot;left&quot;:&quot;0px&quot;}' data-transform=''>\n<div class='yith-wcbm-badge__wrap'>\n<div class=\"yith-wcbm-badge-text\">\n<div style=\"font-family: 'Open Sans', sans-serif;color: #ffffff;font-size: 13px\">Smart po\u00eale \u00e0 granul\u00e9s<\/div>\n<\/div><\/div>\n<\/div>\n<p><!--yith-wcbm-badge-->\n<\/div>\n<p><!--container-image-and-badge--><\/div>\n<div class=\"wc-block-grid__product-title\">TimberIN Nordic\u2122 Pellet Comfort<\/div>\n<p>\t\t\t\t<\/a><\/p>\n<div class=\"wc-block-grid__product-price price\">\u00e0 partir de : <span class=\"woocommerce-Price-amount amount\"><span class=\"woocommerce-Price-currencySymbol\">&euro;<\/span>6,119<\/span><\/div>\n<\/li>\n<li class=\"wc-block-grid__product\">\n\t\t\t\t<a href=\"https:\/\/www.bainnordiques.fr\/be\/shop\/timberin-nordic-flex\/\" class=\"wc-block-grid__product-link\"><\/p>\n<div class=\"wc-block-grid__product-image\">\n<div class='container-image-and-badge  '><img decoding=\"async\" width=\"150\" height=\"150\" src=\"https:\/\/www.bainnordiques.fr\/wp-content\/uploads\/2015\/10\/ppspruce-150x150.jpg\" class=\"attachment-woocommerce_thumbnail size-woocommerce_thumbnail\" alt=\"Bain nordique en plastique polypropylene 4 places ext\u00e9rieur\" title=\"\">                    <\/p>\n<div class='yith-wcbm-badge yith-wcbm-badge-42470 yith-wcbm-badge-text yith-wcbm-badge--on-product-7004 yith-wcbm-badge-text' data-position='{&quot;top&quot;:&quot;20px&quot;,&quot;right&quot;:&quot;0px&quot;,&quot;bottom&quot;:&quot;0px&quot;,&quot;left&quot;:&quot;0px&quot;}' data-transform=''>\n<div class='yith-wcbm-badge__wrap'>\n<div class=\"yith-wcbm-badge-text\">\n<div style=\"font-family: 'Open Sans', sans-serif;color: #ffffff;font-size: 13px\">En polypropylene<\/div>\n<\/div><\/div>\n<\/div>\n<p><!--yith-wcbm-badge-->\n<\/div>\n<p><!--container-image-and-badge--><\/div>\n<div class=\"wc-block-grid__product-title\">TimberIN Nordic Flex\u2122<\/div>\n<p>\t\t\t\t<\/a><\/p>\n<div class=\"wc-block-grid__product-price price\">\u00e0 partir de : <span class=\"woocommerce-Price-amount amount\"><span class=\"woocommerce-Price-currencySymbol\">&euro;<\/span>2,711<\/span><\/div>\n<\/li>\n<li class=\"wc-block-grid__product\">\n\t\t\t\t<a href=\"https:\/\/www.bainnordiques.fr\/be\/shop\/bain-nordique-timberin-nordic-external-comfort\/\" class=\"wc-block-grid__product-link\"><\/p>\n<div class=\"wc-block-grid__product-image\">\n<div class='container-image-and-badge  '><img decoding=\"async\" width=\"150\" height=\"150\" src=\"https:\/\/www.bainnordiques.fr\/wp-content\/uploads\/2016\/03\/wellnessexternal-150x150.jpg\" class=\"attachment-woocommerce_thumbnail size-woocommerce_thumbnail\" alt=\"Bain nordique chauff\u00e9 au bois TimberIN Nordic External Comfort avec po\u00eale externe\" title=\"\">        <\/p>\n<div class='yith-wcbm-badge yith-wcbm-badge-30579 yith-wcbm-badge-text yith-wcbm-badge--on-product-9289 yith-wcbm-badge-text' data-position='{&quot;top&quot;:&quot;20px&quot;,&quot;right&quot;:&quot;0px&quot;,&quot;bottom&quot;:&quot;0px&quot;,&quot;left&quot;:&quot;0px&quot;}' data-transform=''>\n<div class='yith-wcbm-badge__wrap'>\n<div class=\"yith-wcbm-badge-text\">\n<div style=\"font-family: 'Open Sans', sans-serif;color: #ffffff;font-size: 13px\">Po\u00eale externe!<\/div>\n<\/div><\/div>\n<\/div>\n<p><!--yith-wcbm-badge-->\n<\/div>\n<p><!--container-image-and-badge--><\/div>\n<div class=\"wc-block-grid__product-title\">TimberIN Nordic\u2122 External Comfort<\/div>\n<p>\t\t\t\t<\/a><\/p>\n<div class=\"wc-block-grid__product-price price\">\u00e0 partir de : <span class=\"woocommerce-Price-amount amount\"><span class=\"woocommerce-Price-currencySymbol\">&euro;<\/span>4,250<\/span><\/div>\n<\/li>\n<li class=\"wc-block-grid__product\">\n\t\t\t\t<a href=\"https:\/\/www.bainnordiques.fr\/be\/shop\/timberin-nordic-square-bain-nordique-carre\/\" class=\"wc-block-grid__product-link\"><\/p>\n<div class=\"wc-block-grid__product-image\">\n<div class='container-image-and-badge  '><img decoding=\"async\" width=\"150\" height=\"150\" src=\"https:\/\/www.bainnordiques.fr\/wp-content\/uploads\/2016\/03\/recdeluxe-150x150.jpg\" class=\"attachment-woocommerce_thumbnail size-woocommerce_thumbnail\" alt=\"Bain nordique carr\u00e9 ext\u00e9rieur design\" title=\"\">                        <\/p>\n<div class='yith-wcbm-badge yith-wcbm-badge-20727 yith-wcbm-badge-text yith-wcbm-badge--on-product-6425 yith-wcbm-badge-text' data-position='{&quot;top&quot;:&quot;20px&quot;,&quot;right&quot;:&quot;0px&quot;,&quot;bottom&quot;:&quot;0px&quot;,&quot;left&quot;:&quot;0px&quot;}' data-transform=''>\n<div class='yith-wcbm-badge__wrap'>\n<div class=\"yith-wcbm-badge-text\">\n<div style=\"font-family: 'Open Sans', sans-serif;color: #ffffff;font-size: 13px\">Spacieux!<\/div>\n<\/div><\/div>\n<\/div>\n<p><!--yith-wcbm-badge-->\n<\/div>\n<p><!--container-image-and-badge--><\/div>\n<div class=\"wc-block-grid__product-title\">TimberIN Nordic Square\u2122<\/div>\n<p>\t\t\t\t<\/a><\/p>\n<div class=\"wc-block-grid__product-price price\">\u00e0 partir de : <span class=\"woocommerce-Price-amount amount\"><span class=\"woocommerce-Price-currencySymbol\">&euro;<\/span>3,810<\/span><\/div>\n<\/li>\n<li class=\"wc-block-grid__product\">\n\t\t\t\t<a href=\"https:\/\/www.bainnordiques.fr\/be\/shop\/bain-nordique-electrique-bois-family\/\" class=\"wc-block-grid__product-link\"><\/p>\n<div class=\"wc-block-grid__product-image\">\n<div class='container-image-and-badge  '><img decoding=\"async\" width=\"150\" height=\"150\" src=\"https:\/\/www.bainnordiques.fr\/wp-content\/uploads\/2014\/05\/TimberIN-Nordic-Family\u2122-Electric-150x150.png\" class=\"attachment-woocommerce_thumbnail size-woocommerce_thumbnail\" alt=\"TimberIN Nordic Family\u2122 Electric\" title=\"\">      <\/p>\n<div class='yith-wcbm-badge yith-wcbm-badge-21755 yith-wcbm-badge-text yith-wcbm-badge--on-product-5830 yith-wcbm-badge-text' data-position='{&quot;top&quot;:&quot;20px&quot;,&quot;right&quot;:&quot;0px&quot;,&quot;bottom&quot;:&quot;0px&quot;,&quot;left&quot;:&quot;0px&quot;}' data-transform=''>\n<div class='yith-wcbm-badge__wrap'>\n<div class=\"yith-wcbm-badge-text\">\n<div style=\"font-family: 'Open Sans', sans-serif;color: #ffffff;font-size: 13px\">\u00c9lectrique\/Pompe \u00e0 chaleur<\/div>\n<\/div><\/div>\n<\/div>\n<p><!--yith-wcbm-badge-->\n<\/div>\n<p><!--container-image-and-badge--><\/div>\n<div class=\"wc-block-grid__product-title\">TimberIN Nordic Family\u2122 Electric<\/div>\n<p>\t\t\t\t<\/a><\/p>\n<div class=\"wc-block-grid__product-price price\">\u00e0 partir de : <span class=\"woocommerce-Price-amount amount\"><span class=\"woocommerce-Price-currencySymbol\">&euro;<\/span>3,243<\/span><\/div>\n<\/li>\n<li class=\"wc-block-grid__product\">\n\t\t\t\t<a href=\"https:\/\/www.bainnordiques.fr\/be\/shop\/bain-nordique-timberin-nordic-elite-square\/\" class=\"wc-block-grid__product-link\"><\/p>\n<div class=\"wc-block-grid__product-image\">\n<div class='container-image-and-badge  '><img decoding=\"async\" width=\"150\" height=\"150\" src=\"https:\/\/www.bainnordiques.fr\/wp-content\/uploads\/2024\/05\/recwellness-1-150x150.png\" class=\"attachment-woocommerce_thumbnail size-woocommerce_thumbnail\" alt=\"Grand bain nordique carr\u00e9 chauff\u00e9 au bois TimberIN Nordic Elite Square\" title=\"\">        <\/p>\n<div class='yith-wcbm-badge yith-wcbm-badge-7750884 yith-wcbm-badge-text yith-wcbm-badge--on-product-40963 yith-wcbm-badge-text' data-position='{&quot;top&quot;:&quot;20px&quot;,&quot;right&quot;:&quot;0px&quot;,&quot;bottom&quot;:&quot;0px&quot;,&quot;left&quot;:&quot;0px&quot;}' data-transform=''>\n<div class='yith-wcbm-badge__wrap'>\n<div class=\"yith-wcbm-badge-text\">\n<div style=\"font-family: 'Open Sans', sans-serif;color: #ffffff;font-size: 13px\">Design carr\u00e9<\/div>\n<\/div><\/div>\n<\/div>\n<p><!--yith-wcbm-badge-->\n<\/div>\n<p><!--container-image-and-badge--><\/div>\n<div class=\"wc-block-grid__product-title\">TimberIN Nordic Elite\u2122 Square<\/div>\n<p>\t\t\t\t<\/a><\/p>\n<div class=\"wc-block-grid__product-price price\">\u00e0 partir de : <span class=\"woocommerce-Price-amount amount\"><span class=\"woocommerce-Price-currencySymbol\">&euro;<\/span>4,725<\/span><\/div>\n<\/li>\n<\/ul>\n<\/div>\n<hr class=\"wp-block-separator has-css-opacity\"\/>\n<h2 class=\"wp-block-heading\">Tableau : principaux syst\u00e8mes de filtration pour bain nordique<\/h2>\n<table class=\"wp-block-table\">\n<thead>\n<tr>\n<th>Syst\u00e8me<\/th>\n<th>Principe<\/th>\n<th>Utilisation<\/th>\n<\/tr>\n<\/thead>\n<tbody>\n<tr>\n<td>Filtration \u00e0 cartouche<\/td>\n<td>Filtre les impuret\u00e9s gr\u00e2ce \u00e0 une cartouche filtrante<\/td>\n<td>Utilisation fr\u00e9quente<\/td>\n<\/tr>\n<tr>\n<td>Filtration \u00e0 sable<\/td>\n<td>Utilise du sable pour retenir les particules<\/td>\n<td>Installations plus permanentes<\/td>\n<\/tr>\n<tr>\n<td>Sans filtration<\/td>\n<td>L\u2019eau est renouvel\u00e9e r\u00e9guli\u00e8rement<\/td>\n<td>Usage occasionnel<\/td>\n<\/tr>\n<\/tbody>\n<\/table>\n<hr class=\"wp-block-separator has-css-opacity\"\/>\n<h2 class=\"wp-block-heading\">Faut-il une filtration pour un bain nordique ?<\/h2>\n<p>La filtration n\u2019est pas toujours indispensable, mais elle peut \u00eatre tr\u00e8s utile si le bain nordique est utilis\u00e9 r\u00e9guli\u00e8rement. Elle permet de garder l\u2019eau propre plus longtemps et de r\u00e9duire la fr\u00e9quence de renouvellement de l\u2019eau.<\/p>\n<p>Pour les utilisations occasionnelles, certaines personnes pr\u00e9f\u00e8rent simplement remplacer l\u2019eau apr\u00e8s quelques utilisations. Pour mieux comprendre l\u2019entretien de l\u2019eau, consultez notre page sur l\u2019<a href=\"https:\/\/www.bainnordiques.fr\/bain-nordique\/entretien\/\">entretien d\u2019un bain nordique<\/a>.<\/p>\n<hr class=\"wp-block-separator has-css-opacity\"\/>\n<h2 class=\"wp-block-heading\">Comment fonctionne la filtration d\u2019un bain nordique ?<\/h2>\n<p>Un syst\u00e8me de filtration fonctionne g\u00e9n\u00e9ralement avec une pompe qui fait circuler l\u2019eau \u00e0 travers un filtre. Le filtre retient les particules comme les feuilles, les poussi\u00e8res ou les petites impuret\u00e9s pr\u00e9sentes dans l\u2019eau.<\/p>\n<p>Ce syst\u00e8me est similaire \u00e0 celui utilis\u00e9 dans les spas ou les piscines, mais il est souvent plus simple et adapt\u00e9 \u00e0 la taille du bain nordique.<\/p>\n<hr class=\"wp-block-separator has-css-opacity\"\/>\n<h2 class=\"wp-block-heading\">Filtration et traitement de l\u2019eau<\/h2>\n<p>La filtration permet de retenir les impuret\u00e9s visibles, mais elle ne remplace pas toujours le traitement de l\u2019eau. Dans certains cas, il peut \u00eatre n\u00e9cessaire d\u2019utiliser des produits adapt\u00e9s pour maintenir une eau de bonne qualit\u00e9.<\/p>\n<p>Pour en savoir plus sur ce sujet, consultez notre page sur le <a href=\"https:\/\/www.bainnordiques.fr\/bain-nordique\/traitement-eau\/\">traitement de l\u2019eau d\u2019un bain nordique<\/a>.<\/p>\n<hr class=\"wp-block-separator has-css-opacity\"\/>\n<h2 class=\"wp-block-heading\">Filtration et dur\u00e9e de conservation de l\u2019eau<\/h2>\n<p>Un syst\u00e8me de filtration permet g\u00e9n\u00e9ralement de conserver l\u2019eau plus longtemps. Sans filtration, il est souvent recommand\u00e9 de changer l\u2019eau plus r\u00e9guli\u00e8rement, surtout si le bain est utilis\u00e9 fr\u00e9quemment.<\/p>\n<p>La dur\u00e9e d\u00e9pend \u00e9galement de la fr\u00e9quence d\u2019utilisation, de la temp\u00e9rature de l\u2019eau et de l\u2019environnement ext\u00e9rieur.<\/p>\n<hr class=\"wp-block-separator has-css-opacity\"\/>\n<h2 class=\"wp-block-heading\">Conclusion<\/h2>\n<p>La filtration d\u2019un bain nordique peut am\u00e9liorer la qualit\u00e9 de l\u2019eau et r\u00e9duire l\u2019entretien n\u00e9cessaire. Le choix d\u2019un syst\u00e8me d\u00e9pend principalement de la fr\u00e9quence d\u2019utilisation et du type de bain nordique.<\/p>\n<p>Pour comparer les diff\u00e9rents mod\u00e8les et \u00e9quipements disponibles, consultez notre s\u00e9lection de <a href=\"https:\/\/www.bainnordiques.fr\/bain-nordique\/\">bains nordiques<\/a>.<\/p>\n<hr class=\"wp-block-separator has-css-opacity\"\/>\n<h2 class=\"wp-block-heading\">Questions fr\u00e9quentes sur la filtration d\u2019un bain nordique<\/h2>\n<h3 class=\"wp-block-heading\">Faut-il une filtration pour un bain nordique ?<\/h3>\n<p>La filtration n\u2019est pas toujours obligatoire, mais elle peut aider \u00e0 garder l\u2019eau propre plus longtemps si le bain est utilis\u00e9 r\u00e9guli\u00e8rement.<\/p>\n<h3 class=\"wp-block-heading\">Quel type de filtration choisir ?<\/h3>\n<p>La filtration \u00e0 cartouche est souvent la plus simple et la plus utilis\u00e9e pour les bains nordiques.<\/p>\n<h3 class=\"wp-block-heading\">La filtration remplace-t-elle le traitement de l\u2019eau ?<\/h3>\n<p>Non, la filtration retire les impuret\u00e9s visibles mais ne remplace pas toujours le traitement chimique ou naturel de l\u2019eau.<\/p>\n<h3 class=\"wp-block-heading\">Combien de temps peut-on garder l\u2019eau dans un bain nordique ?<\/h3>\n<p>Avec un syst\u00e8me de filtration et un entretien correct, l\u2019eau peut \u00eatre conserv\u00e9e plus longtemps qu\u2019un bain sans filtration.<\/p>\n<p><script type=\"application\/ld+json\">\n{\n  \"@context\": \"https:\/\/schema.org\",\n  \"@graph\": [\n    {\n      \"@type\": \"Product\",\n      \"@id\": \"https:\/\/www.bainnordiques.fr\/bain-nordique\/filtration\/#main_product\",\n      \"name\": \"Collection Filtration Bain Nordique\",\n      \"description\": \"D\u00e9couvrez nos syst\u00e8mes de filtration pour bains nordiques : filtration \u00e0 cartouche, \u00e0 sable ou mod\u00e8les sans filtration pour garder une eau propre et saine.\",\n      \"image\": \"https:\/\/www.bainnordiques.fr\/wp-content\/uploads\/2005\/01\/Bain-nordique-rectangulaire-Quattro-3.jpg\",\n      \"brand\": {\n        \"@type\": \"Brand\",\n        \"name\": \"TimberIN\"\n      },\n      \"aggregateRating\": {\n        \"@type\": \"AggregateRating\",\n        \"ratingValue\": \"4.8\",\n        \"reviewCount\": \"184\"\n      }\n    },\n    {\n      \"@type\": \"ItemList\",\n      \"@id\": \"https:\/\/www.bainnordiques.fr\/bain-nordique\/filtration\/#itemlist\",\n      \"numberOfItems\": 8,\n      \"itemListElement\": [\n        {\n          \"@type\": \"ListItem\",\n          \"position\": 1,\n          \"item\": {\n            \"@type\": \"Product\",\n            \"name\": \"TimberIN Nordic Rojal\u2122\",\n            \"url\": \"https:\/\/www.bainnordiques.fr\/shop\/bain-nordique-timberin-nordic-rojal\/\",\n            \"image\": \"https:\/\/www.bainnordiques.fr\/wp-content\/uploads\/2021\/02\/Bain-jacuzzi-nordique-norvegien-suedois-avec-bulles-29-150x150.jpg\",\n            \"offers\": {\n              \"@type\": \"Offer\",\n              \"price\": \"5857.00\",\n              \"priceCurrency\": \"EUR\",\n              \"availability\": \"https:\/\/schema.org\/InStock\"\n            }\n          }\n        },\n        {\n          \"@type\": \"ListItem\",\n          \"position\": 2,\n          \"item\": {\n            \"@type\": \"Product\",\n            \"name\": \"TimberIN Nordic Core\u2122\",\n            \"url\": \"https:\/\/www.bainnordiques.fr\/shop\/bain-nordique-bois-timberin-nordic-core\/\",\n            \"image\": \"https:\/\/www.bainnordiques.fr\/wp-content\/uploads\/2016\/03\/wellnessroyal-150x150.jpg\",\n            \"offers\": {\n              \"@type\": \"Offer\",\n              \"price\": \"3490.00\",\n              \"priceCurrency\": \"EUR\",\n              \"availability\": \"https:\/\/schema.org\/InStock\"\n            }\n          }\n        },\n        {\n          \"@type\": \"ListItem\",\n          \"position\": 3,\n          \"item\": {\n            \"@type\": \"Product\",\n            \"name\": \"TimberIN Nordic\u2122 Pellet Comfort\",\n            \"url\": \"https:\/\/www.bainnordiques.fr\/shop\/timberin-nordic-pellet-comfort\/\",\n            \"image\": \"https:\/\/www.bainnordiques.fr\/wp-content\/uploads\/2005\/01\/timberin-nordic-pellet-comfort-150x150.png\",\n            \"offers\": {\n              \"@type\": \"Offer\",\n              \"price\": \"5628.00\",\n              \"priceCurrency\": \"EUR\",\n              \"availability\": \"https:\/\/schema.org\/InStock\"\n            }\n          }\n        },\n        {\n          \"@type\": \"ListItem\",\n          \"position\": 4,\n          \"item\": {\n            \"@type\": \"Product\",\n            \"name\": \"TimberIN Nordic Flex\u2122\",\n            \"url\": \"https:\/\/www.bainnordiques.fr\/shop\/timberin-nordic-flex\/\",\n            \"image\": \"https:\/\/www.bainnordiques.fr\/wp-content\/uploads\/2015\/10\/ppspruce-150x150.jpg\",\n            \"offers\": {\n              \"@type\": \"Offer\",\n              \"price\": \"2582.00\",\n              \"priceCurrency\": \"EUR\",\n              \"availability\": \"https:\/\/schema.org\/InStock\"\n            }\n          }\n        },\n        {\n          \"@type\": \"ListItem\",\n          \"position\": 5,\n          \"item\": {\n            \"@type\": \"Product\",\n            \"name\": \"TimberIN Nordic\u2122 External Comfort\",\n            \"url\": \"https:\/\/www.bainnordiques.fr\/shop\/bain-nordique-timberin-nordic-external-comfort\/\",\n            \"image\": \"https:\/\/www.bainnordiques.fr\/wp-content\/uploads\/2016\/03\/wellnessexternal-150x150.jpg\",\n            \"offers\": {\n              \"@type\": \"Offer\",\n              \"price\": \"4048.00\",\n              \"priceCurrency\": \"EUR\",\n              \"availability\": \"https:\/\/schema.org\/InStock\"\n            }\n          }\n        },\n        {\n          \"@type\": \"ListItem\",\n          \"position\": 6,\n          \"item\": {\n            \"@type\": \"Product\",\n            \"name\": \"TimberIN Nordic Square\u2122\",\n            \"url\": \"https:\/\/www.bainnordiques.fr\/shop\/timberin-nordic-square-bain-nordique-carre\/\",\n            \"image\": \"https:\/\/www.bainnordiques.fr\/wp-content\/uploads\/2016\/03\/recdeluxe-150x150.jpg\",\n            \"offers\": {\n              \"@type\": \"Offer\",\n              \"price\": \"3629.00\",\n              \"priceCurrency\": \"EUR\",\n              \"availability\": \"https:\/\/schema.org\/InStock\"\n            }\n          }\n        },\n        {\n          \"@type\": \"ListItem\",\n          \"position\": 7,\n          \"item\": {\n            \"@type\": \"Product\",\n            \"name\": \"TimberIN Nordic Family\u2122 Electric\",\n            \"url\": \"https:\/\/www.bainnordiques.fr\/shop\/bain-nordique-electrique-bois-family\/\",\n            \"image\": \"https:\/\/www.bainnordiques.fr\/wp-content\/uploads\/2014\/05\/TimberIN-Nordic-Family\u2122-Electric-150x150.png\",\n            \"offers\": {\n              \"@type\": \"Offer\",\n              \"price\": \"3089.00\",\n              \"priceCurrency\": \"EUR\",\n              \"availability\": \"https:\/\/schema.org\/InStock\"\n            }\n          }\n        },\n        {\n          \"@type\": \"ListItem\",\n          \"position\": 8,\n          \"item\": {\n            \"@type\": \"Product\",\n            \"name\": \"TimberIN Nordic Elite\u2122 Square\",\n            \"url\": \"https:\/\/www.bainnordiques.fr\/shop\/bain-nordique-timberin-nordic-elite-square\/\",\n            \"image\": \"https:\/\/www.bainnordiques.fr\/wp-content\/uploads\/2024\/05\/recwellness-1-150x150.png\",\n            \"offers\": {\n              \"@type\": \"Offer\",\n              \"price\": \"4500.00\",\n              \"priceCurrency\": \"EUR\",\n              \"availability\": \"https:\/\/schema.org\/InStock\"\n            }\n          }\n        }\n      ]\n    }\n  ]\n}\n<\/script><\/p>\n<p><script type=\"application\/ld+json\">\n{\n\"@context\":\"https:\/\/schema.org\",\n\"@type\":\"FAQPage\",\n\"mainEntity\":[\n{\n\"@type\":\"Question\",\n\"name\":\"Faut-il une filtration pour un bain nordique ?\",\n\"acceptedAnswer\":{\n\"@type\":\"Answer\",\n\"text\":\"La filtration n\u2019est pas toujours obligatoire, mais elle peut aider \u00e0 garder l\u2019eau propre plus longtemps si le bain est utilis\u00e9 r\u00e9guli\u00e8rement.\"\n}\n},\n{\n\"@type\":\"Question\",\n\"name\":\"Quel type de filtration choisir ?\",\n\"acceptedAnswer\":{\n\"@type\":\"Answer\",\n\"text\":\"La filtration \u00e0 cartouche est souvent la plus simple et la plus utilis\u00e9e pour les bains nordiques.\"\n}\n},\n{\n\"@type\":\"Question\",\n\"name\":\"La filtration remplace-t-elle le traitement de l\u2019eau ?\",\n\"acceptedAnswer\":{\n\"@type\":\"Answer\",\n\"text\":\"Non, la filtration retire les impuret\u00e9s visibles mais ne remplace pas toujours le traitement chimique ou naturel de l\u2019eau.\"\n}\n},\n{\n\"@type\":\"Question\",\n\"name\":\"Combien de temps peut-on garder l\u2019eau dans un bain nordique ?\",\n\"acceptedAnswer\":{\n\"@type\":\"Answer\",\n\"text\":\"Avec un syst\u00e8me de filtration et un entretien correct, l\u2019eau peut \u00eatre conserv\u00e9e plus longtemps qu\u2019un bain sans filtration.\"\n}\n}\n]\n}\n<\/script><\/p>\n","protected":false},"excerpt":{"rendered":"<p>La filtration d\u2019un bain nordique est un \u00e9l\u00e9ment important pour maintenir une eau propre et agr\u00e9able \u00e0 utiliser. Selon le type de bain et la fr\u00e9quence d\u2019utilisation, diff\u00e9rents syst\u00e8mes de filtration peuvent \u00eatre utilis\u00e9s pour am\u00e9liorer la qualit\u00e9 de l\u2019eau. Certains bains nordiques fonctionnent sans syst\u00e8me de filtration, tandis que d\u2019autres int\u00e8grent un filtre et [&hellip;]<\/p>\n","protected":false},"author":1,"featured_media":24489,"parent":7750376,"menu_order":0,"comment_status":"closed","ping_status":"open","template":"","meta":{"_uag_custom_page_level_css":"","footnotes":""},"class_list":["post-7751381","page","type-page","status-publish","has-post-thumbnail","hentry"],"wppr_data":{"cwp_meta_box_check":"No","cwp_rev_product_name":"Bain nordique en bois en kit pas cher","_wppr_review_template":"default","cwp_rev_product_image":"https:\/\/bainnordiques.fr\/wp-content\/uploads\/2020\/03\/Spa-nordique-jacuzzi-en-bois.jpeg","cwp_image_link":"image","wppr_links":{"Commandez maintenant!":"https:\/\/www.bainnordiques.fr\/shop\/bain-nordique-bois-en-kit-pas-cher\/"},"cwp_rev_price":"2040","wppr_pros":[""],"wppr_cons":["N\u00e9cessite plus d'entretien"],"wppr_rating":"96.67","wppr_options":{"1":{"name":"Compl\u00e8tement naturel","value":"100"},"2":{"name":"Diff\u00e9rents beaux designs","value":"95"},"3":{"name":"Plus de temps en famille","value":"95"}},"wppr_review_type":"Product","wppr_review_custom_fields":[]},"uagb_featured_image_src":{"full":["https:\/\/www.bainnordiques.fr\/wp-content\/uploads\/2016\/10\/Bain-nordique-en-Polypropylene-PP-2-LED-Filtration-4.jpg",1024,768,false],"thumbnail":["https:\/\/www.bainnordiques.fr\/wp-content\/uploads\/2016\/10\/Bain-nordique-en-Polypropylene-PP-2-LED-Filtration-4-150x150.jpg",150,150,true],"medium":["https:\/\/www.bainnordiques.fr\/wp-content\/uploads\/2016\/10\/Bain-nordique-en-Polypropylene-PP-2-LED-Filtration-4-300x225.jpg",300,225,true],"medium_large":["https:\/\/www.bainnordiques.fr\/wp-content\/uploads\/2016\/10\/Bain-nordique-en-Polypropylene-PP-2-LED-Filtration-4.jpg",null,null,true],"large":["https:\/\/www.bainnordiques.fr\/wp-content\/uploads\/2016\/10\/Bain-nordique-en-Polypropylene-PP-2-LED-Filtration-4-700x525.jpg",700,525,true]},"uagb_author_info":{"display_name":"C\u00e9line BERNARD FR [V\u00c9RIFI\u00c9]","author_link":"https:\/\/www.bainnordiques.fr\/be\/author\/admin\/"},"uagb_comment_info":0,"uagb_excerpt":"La filtration d\u2019un bain nordique est un \u00e9l\u00e9ment important pour maintenir une eau propre et agr\u00e9able \u00e0 utiliser. Selon le type de bain et la fr\u00e9quence d\u2019utilisation, diff\u00e9rents syst\u00e8mes de filtration peuvent \u00eatre utilis\u00e9s pour am\u00e9liorer la qualit\u00e9 de l\u2019eau. Certains bains nordiques fonctionnent sans syst\u00e8me de filtration, tandis que d\u2019autres int\u00e8grent un filtre et&hellip;","_links":{"self":[{"href":"https:\/\/www.bainnordiques.fr\/be\/wp-json\/wp\/v2\/pages\/7751381","targetHints":{"allow":["GET"]}}],"collection":[{"href":"https:\/\/www.bainnordiques.fr\/be\/wp-json\/wp\/v2\/pages"}],"about":[{"href":"https:\/\/www.bainnordiques.fr\/be\/wp-json\/wp\/v2\/types\/page"}],"author":[{"embeddable":true,"href":"https:\/\/www.bainnordiques.fr\/be\/wp-json\/wp\/v2\/users\/1"}],"replies":[{"embeddable":true,"href":"https:\/\/www.bainnordiques.fr\/be\/wp-json\/wp\/v2\/comments?post=7751381"}],"version-history":[{"count":0,"href":"https:\/\/www.bainnordiques.fr\/be\/wp-json\/wp\/v2\/pages\/7751381\/revisions"}],"up":[{"embeddable":true,"href":"https:\/\/www.bainnordiques.fr\/be\/wp-json\/wp\/v2\/pages\/7750376"}],"wp:featuredmedia":[{"embeddable":true,"href":"https:\/\/www.bainnordiques.fr\/be\/wp-json\/wp\/v2\/media\/24489"}],"wp:attachment":[{"href":"https:\/\/www.bainnordiques.fr\/be\/wp-json\/wp\/v2\/media?parent=7751381"}],"curies":[{"name":"wp","href":"https:\/\/api.w.org\/{rel}","templated":true}]}}